{"id":20542,"date":"2025-04-26T17:20:21","date_gmt":"2025-04-26T14:20:21","guid":{"rendered":"https:\/\/m2kdijital.com\/makinsan\/?post_type=cpt_portfolio&#038;p=20542"},"modified":"2025-04-26T17:20:22","modified_gmt":"2025-04-26T14:20:22","slug":"lowbed-onden-yuklemeli","status":"publish","type":"cpt_portfolio","link":"https:\/\/m2kdijital.com\/makinsan\/portfolio\/lowbed-onden-yuklemeli\/","title":{"rendered":"Lowbed &#8211; \u00d6nden Y\u00fcklemeli"},"content":{"rendered":"\n<figure class=\"wp-block-gallery has-nested-images columns-3 is-cropped wp-block-gallery-1 is-layout-flex wp-block-gallery-is-layout-flex\">\n<figure class=\"wp-block-image size-large\"><img fetchpriority=\"high\" decoding=\"async\" width=\"800\" height=\"533\" data-id=\"20546\" src=\"https:\/\/m2kdijital.com\/makinsan\/wp-content\/uploads\/2025\/04\/1-7.jpg\" alt=\"\" class=\"wp-image-20546\" srcset=\"https:\/\/m2kdijital.com\/makinsan\/wp-content\/uploads\/2025\/04\/1-7.jpg 800w, https:\/\/m2kdijital.com\/makinsan\/wp-content\/uploads\/2025\/04\/1-7-300x200.jpg 300w, https:\/\/m2kdijital.com\/makinsan\/wp-content\/uploads\/2025\/04\/1-7-768x512.jpg 768w, https:\/\/m2kdijital.com\/makinsan\/wp-content\/uploads\/2025\/04\/1-7-370x247.jpg 370w, https:\/\/m2kdijital.com\/makinsan\/wp-content\/uploads\/2025\/04\/1-7-410x273.jpg 410w\" sizes=\"(max-width: 800px) 100vw, 800px\" \/><\/figure>\n\n\n\n<figure class=\"wp-block-image size-large\"><img decoding=\"async\" width=\"1024\" height=\"768\" data-id=\"20547\" src=\"https:\/\/m2kdijital.com\/makinsan\/wp-content\/uploads\/2025\/04\/2-7-1024x768.jpg\" alt=\"\" class=\"wp-image-20547\" srcset=\"https:\/\/m2kdijital.com\/makinsan\/wp-content\/uploads\/2025\/04\/2-7-1024x768.jpg 1024w, https:\/\/m2kdijital.com\/makinsan\/wp-content\/uploads\/2025\/04\/2-7-300x225.jpg 300w, https:\/\/m2kdijital.com\/makinsan\/wp-content\/uploads\/2025\/04\/2-7-768x576.jpg 768w, https:\/\/m2kdijital.com\/makinsan\/wp-content\/uploads\/2025\/04\/2-7-1536x1152.jpg 1536w, https:\/\/m2kdijital.com\/makinsan\/wp-content\/uploads\/2025\/04\/2-7-370x278.jpg 370w, https:\/\/m2kdijital.com\/makinsan\/wp-content\/uploads\/2025\/04\/2-7-840x630.jpg 840w, https:\/\/m2kdijital.com\/makinsan\/wp-content\/uploads\/2025\/04\/2-7-410x308.jpg 410w, https:\/\/m2kdijital.com\/makinsan\/wp-content\/uploads\/2025\/04\/2-7.jpg 2048w\" sizes=\"(max-width: 1024px) 100vw, 1024px\" \/><\/figure>\n\n\n\n<figure class=\"wp-block-image size-large\"><img decoding=\"async\" width=\"1024\" height=\"683\" data-id=\"20548\" src=\"https:\/\/m2kdijital.com\/makinsan\/wp-content\/uploads\/2025\/04\/KAPAK-GORSELI-2-1024x683.jpg\" alt=\"\" class=\"wp-image-20548\" srcset=\"https:\/\/m2kdijital.com\/makinsan\/wp-content\/uploads\/2025\/04\/KAPAK-GORSELI-2-1024x683.jpg 1024w, https:\/\/m2kdijital.com\/makinsan\/wp-content\/uploads\/2025\/04\/KAPAK-GORSELI-2-300x200.jpg 300w, https:\/\/m2kdijital.com\/makinsan\/wp-content\/uploads\/2025\/04\/KAPAK-GORSELI-2-768x512.jpg 768w, https:\/\/m2kdijital.com\/makinsan\/wp-content\/uploads\/2025\/04\/KAPAK-GORSELI-2-1536x1024.jpg 1536w, https:\/\/m2kdijital.com\/makinsan\/wp-content\/uploads\/2025\/04\/KAPAK-GORSELI-2-2048x1365.jpg 2048w, https:\/\/m2kdijital.com\/makinsan\/wp-content\/uploads\/2025\/04\/KAPAK-GORSELI-2-370x247.jpg 370w, https:\/\/m2kdijital.com\/makinsan\/wp-content\/uploads\/2025\/04\/KAPAK-GORSELI-2-840x560.jpg 840w, https:\/\/m2kdijital.com\/makinsan\/wp-content\/uploads\/2025\/04\/KAPAK-GORSELI-2-410x273.jpg 410w\" sizes=\"(max-width: 1024px) 100vw, 1024px\" \/><\/figure>\n<\/figure>\n\n\n<table width=\"784\">\n<tbody>\n<tr>\n<td width=\"196\">D\u0130NG\u0130LLER<\/td>\n<td colspan=\"3\" width=\"588\">ECE R13.11 Reg\u00fclasyonu seviyesinde test belgeli, yerli kampana frenli, her biri 4&#215;18 ton kapasiteli 4 dingilli terazili aks grubu<\/td>\n<\/tr>\n<tr>\n<td>LAST\u0130KLER+ JANTLAR<\/td>\n<td colspan=\"3\" width=\"588\">16+1 adet 12 R 22,5 ebatl\u0131 lastik ve lasti\u011fe uygun ebatll\u0131 jant 418\/2011\/EU standartlar\u0131nda\u00a0\u00a0<\/td>\n<\/tr>\n<tr>\n<td>\u015eAS\u0130<\/td>\n<td colspan=\"3\" width=\"588\">S355 kalite saclar\u0131n kesilip b\u00fck\u00fclerek mukavemet kazand\u0131r\u0131larak MAG gaz alt\u0131 kayna\u011f\u0131\u00a0 ile birle\u015ftirilmesiye olu\u015fturulan esnek mukavim I kesitli \u015fasi<\/td>\n<\/tr>\n<tr>\n<td>TABAN<\/td>\n<td colspan=\"3\" width=\"588\">Teker \u00fcst\u00fc desenli sac , orta k\u0131s\u0131m d\u00fcz sac, yanlar desenli sac, yan taraflar t\u0131rmanmaya uygun desenli d\u00f6\u015fenmi\u015f sac<\/td>\n<\/tr>\n<tr>\n<td width=\"196\">FREN ve S\u00dcSPANS\u0130YON S\u0130STEM\u0130<\/td>\n<td colspan=\"3\" width=\"588\">ECE R13.11 Reg\u00fclasyonu seviyesine uygun, Denge kontrol Kontrol Sistemi ( RSS ), 4S-2M sens\u00f6rl\u00fc,\u00a0 EBS fren sistemi , servis fren k\u00f6r\u00fc\u011f\u00fc ve yay bagetli diyafram destekli imdatl\u0131 fren k\u00f6r\u00fckleri, Otomatik c\u0131rc\u0131r, ECE R10.04 Reg\u00fclasyonu seviyesinde Elektromanyetik uyumluluk (Radyo paraziti ). Y\u0131\u011fma makas terazili s\u00fcspansiyon sistemi.<\/td>\n<\/tr>\n<tr>\n<td>ELEKTR\u0130K S\u0130STEM\u0130<\/td>\n<td colspan=\"3\" width=\"588\">ECE R48.05 reg\u00fclasyon seviyesinde 2&#215;7 pin soket, 24 volt ayd\u0131nlatma, yan lambalar, stop lambas\u0131, plaka lambas\u0131, geri vites lambas\u0131 , uygun reflektif \u015ferit 1003\/2010\/EU direktifine uygun tescil plaka yeri, d\u00f6ner lamba\u00a0<\/td>\n<\/tr>\n<tr>\n<td>PARK AYA\u011eI<\/td>\n<td colspan=\"3\" width=\"588\">hidrolik kumandal\u0131 hidrolik\u00a0 destek ayaklar\u0131<\/td>\n<\/tr>\n<tr>\n<td>\u00d6N RAMPA+DEVE BOYNU<\/td>\n<td colspan=\"3\" width=\"588\">\u00dczeri sac d\u00f6\u015feli , hidrolik kumandal\u0131 d\u00fc\u015f\u00fck a\u00e7\u0131larda y\u00fcklemeye elveri\u015fli deve boynu<\/td>\n<\/tr>\n<tr>\n<td>K\u0130NG P\u0130M\u0130<\/td>\n<td colspan=\"3\" width=\"588\">R55.01 Reg\u00fclasyonuna uygun 2\u201d ve 3,5 &#8221; King-pimi\u00a0\u00a0<\/td>\n<\/tr>\n<tr>\n<td>AKSESUARLAR<\/td>\n<td colspan=\"3\" width=\"588\">:Her iki yanda y\u00fck ba\u011flama halkalar\u0131, 1 adet sac tak\u0131m dolab\u0131,35 lt su tank\u0131 ,EU standartlar\u0131nda reflekt\u00f6r,yedek lastik ta\u015f\u0131y\u0131c\u0131,yang\u0131n s\u00f6nd\u00fcrme t\u00fcp dolab\u0131, 1 adet teker takoz yeri ve takozu, 1 adet dingil kapa\u011f\u0131 s\u00f6kme anahtar\u0131.<\/td>\n<\/tr>\n<tr>\n<td>Y\u00dcZEY KORUMA<\/td>\n<td colspan=\"3\" width=\"588\">Sa 2 1\/2 kalitesinde kumland\u0131ktan sonra ortalama 120 mikron boya kal\u0131nl\u0131\u011f\u0131nda istenilen RAL kodlar\u0131na boyan\u0131r.<\/td>\n<\/tr>\n<\/tbody>\n<\/table>\n\n\n<div style=\"height:23px\" aria-hidden=\"true\" class=\"wp-block-spacer\"><\/div>\n\n\n\n<h2 class=\"wp-block-heading\">Teknik \u00c7izimler<\/h2>\n\n\n\n<figure class=\"wp-block-gallery has-nested-images columns-default is-cropped wp-block-gallery-2 is-layout-flex wp-block-gallery-is-layout-flex\">\n<figure class=\"wp-block-image size-large\"><img loading=\"lazy\" decoding=\"async\" width=\"1024\" height=\"397\" data-id=\"20549\" src=\"https:\/\/m2kdijital.com\/makinsan\/wp-content\/uploads\/2025\/04\/tek-1-1024x397.png\" alt=\"\" class=\"wp-image-20549\" srcset=\"https:\/\/m2kdijital.com\/makinsan\/wp-content\/uploads\/2025\/04\/tek-1-1024x397.png 1024w, https:\/\/m2kdijital.com\/makinsan\/wp-content\/uploads\/2025\/04\/tek-1-300x116.png 300w, https:\/\/m2kdijital.com\/makinsan\/wp-content\/uploads\/2025\/04\/tek-1-768x298.png 768w, https:\/\/m2kdijital.com\/makinsan\/wp-content\/uploads\/2025\/04\/tek-1-370x143.png 370w, https:\/\/m2kdijital.com\/makinsan\/wp-content\/uploads\/2025\/04\/tek-1-840x325.png 840w, https:\/\/m2kdijital.com\/makinsan\/wp-content\/uploads\/2025\/04\/tek-1-410x159.png 410w, https:\/\/m2kdijital.com\/makinsan\/wp-content\/uploads\/2025\/04\/tek-1.png 1177w\" sizes=\"(max-width: 1024px) 100vw, 1024px\" \/><\/figure>\n<\/figure>\n\n\n\n<p><\/p>\n","protected":false},"excerpt":{"rendered":"<p>D\u0130NG\u0130LLER ECE R13.11 Reg\u00fclasyonu seviyesinde test belgeli, yerli kampana frenli, her biri 4&#215;18 ton kapasiteli 4 dingilli terazili aks grubu LAST\u0130KLER+ JANTLAR 16+1 adet 12 R 22,5 ebatl\u0131 lastik ve&hellip;<\/p>\n","protected":false},"author":1,"featured_media":20548,"comment_status":"closed","ping_status":"closed","template":"","cpt_portfolio_group":[182,183],"class_list":["post-20542","cpt_portfolio","type-cpt_portfolio","status-publish","has-post-thumbnail","hentry","cpt_portfolio_group-low-bed","cpt_portfolio_group-onden-yuklemeli"],"_links":{"self":[{"href":"https:\/\/m2kdijital.com\/makinsan\/wp-json\/wp\/v2\/cpt_portfolio\/20542","targetHints":{"allow":["GET"]}}],"collection":[{"href":"https:\/\/m2kdijital.com\/makinsan\/wp-json\/wp\/v2\/cpt_portfolio"}],"about":[{"href":"https:\/\/m2kdijital.com\/makinsan\/wp-json\/wp\/v2\/types\/cpt_portfolio"}],"author":[{"embeddable":true,"href":"https:\/\/m2kdijital.com\/makinsan\/wp-json\/wp\/v2\/users\/1"}],"replies":[{"embeddable":true,"href":"https:\/\/m2kdijital.com\/makinsan\/wp-json\/wp\/v2\/comments?post=20542"}],"wp:featuredmedia":[{"embeddable":true,"href":"https:\/\/m2kdijital.com\/makinsan\/wp-json\/wp\/v2\/media\/20548"}],"wp:attachment":[{"href":"https:\/\/m2kdijital.com\/makinsan\/wp-json\/wp\/v2\/media?parent=20542"}],"wp:term":[{"taxonomy":"cpt_portfolio_group","embeddable":true,"href":"https:\/\/m2kdijital.com\/makinsan\/wp-json\/wp\/v2\/cpt_portfolio_group?post=20542"}],"curies":[{"name":"wp","href":"https:\/\/api.w.org\/{rel}","templated":true}]}}